{"id":3508,"date":"2022-07-27T21:32:58","date_gmt":"2022-07-27T19:32:58","guid":{"rendered":"https:\/\/tps.travel\/?page_id=3508"},"modified":"2023-06-13T15:40:49","modified_gmt":"2023-06-13T13:40:49","slug":"partage-dexperiences","status":"publish","type":"page","link":"https:\/\/tps.travel\/fr\/partage-dexperiences\/","title":{"rendered":"Partage d\u2019exp\u00e9riences \u2013 Good to know"},"content":{"rendered":"<div class=\"wpb-content-wrapper\"><p>[vc_section css=\u00a0\u00bb.vc_custom_1659351852085{padding-bottom: 0px !important;}\u00a0\u00bb][vc_row full_width=\u00a0\u00bbstretch_row_content_no_spaces\u00a0\u00bb][vc_column]<div class=\"custom-top-banner img-box \" style=\"background-image: url(https:\/\/tps.travel\/wp-content\/uploads\/2022\/08\/Frau_auf_Safari_Ngorongor_shutterstock_1487888522.jpg)\"><div class=\"container relative\"><div class=\"text-box align-center\"><h1>Partage d\u2019exp\u00e9riences \u2013 Good to know<\/h1><\/div><\/div><\/div>[\/vc_column][\/vc_row][\/vc_section][vc_section el_class=\u00a0\u00bbbg-9&Prime; css=\u00a0\u00bb.vc_custom_1659351760968{padding-top: 30px !important;}\u00a0\u00bb][vc_row][vc_column]<div class=\"breadcrumbs\"><label><\/label> <a href=\"https:\/\/tps.travel\/fr\/\">Home<\/a><\/div>[vc_column_text]Savoir c&rsquo;est pouvoir ! Etre bien inform\u00e9 repr\u00e9sente un avantage concurrentiel. Ici, nous publions r\u00e9guli\u00e8rement des articles int\u00e9ressants sur et pour l&rsquo;industrie du voyage. Il peut s&rsquo;agir de contributions d&rsquo;invit\u00e9s, d&rsquo;articles d\u00e9j\u00e0 parus dans les m\u00e9dias ou de nouvelles tr\u00e8s g\u00e9n\u00e9rales importantes et pertinentes concernant le monde du tourisme. Avez-vous quelque chose d&rsquo;int\u00e9ressant \u00e0 apporter ? Alors faites-le nous savoir.<\/p>\n<p>secretariat@tps.travel<br \/>\n+41 (0)21 799 44 66<br \/>\n+41 (0)44 771 19 50[\/vc_column_text]<div class=\"stories-wrapper wpb_content_element\"><h1 class=\"entry-title text-center\">Partage d\u2019exp\u00e9riences<\/h1><div class=\"stories-slider news-list\"><div id=\"post-49453\" class=\"post-49453 story type-story status-publish has-post-thumbnail hentry category-actualites-tps category-partage-dexperiences\"><a href=\"https:\/\/tps.travel\/fr\/story\/social-night-tps-11-juin-2025-zurich\/\"><figure class=\"img-box\" style=\"background-image: url(https:\/\/tps.travel\/wp-content\/uploads\/2025\/06\/Bild-Zunfhaus.jpg)\"><\/figure><\/a><div class=\"text-box\"><div class=\"post-meta\">Derni\u00e8re mise \u00e0 jour : 28.11.2025<\/div><h4 class=\"entry-title\"><a href=\"https:\/\/tps.travel\/fr\/story\/social-night-tps-11-juin-2025-zurich\/\">Social Night TPS | 11 juin 2025 Zurich<\/a><\/h4><div><p>Une magnifique soir\u00e9e d&rsquo;\u00e9t\u00e9 entre professionnels !\nMercredi soir, premi\u00e8re v\u00e9ritable soir\u00e9e d&rsquo;\u00e9t\u00e9 de l&rsquo;ann\u00e9e, la deuxi\u00e8me TPS Social Night.<\/p><a href=\"https:\/\/tps.travel\/fr\/story\/social-night-tps-11-juin-2025-zurich\/\" class=\"more-link\">D\u00e9tails<\/a><\/div><\/div><\/div><div id=\"post-49447\" class=\"post-49447 story type-story status-publish has-post-thumbnail hentry category-actualites-tps category-partage-dexperiences\"><a href=\"https:\/\/tps.travel\/fr\/story\/academy-tps-le-11-juin-2025-a-zurich\/\"><figure class=\"img-box\" style=\"background-image: url(https:\/\/tps.travel\/wp-content\/uploads\/2025\/06\/9E23E589-52CF-4E0E-A03D-29C5D983D103.jpeg)\"><\/figure><\/a><div class=\"text-box\"><div class=\"post-meta\">Derni\u00e8re mise \u00e0 jour : 13.06.2025<\/div><h4 class=\"entry-title\"><a href=\"https:\/\/tps.travel\/fr\/story\/academy-tps-le-11-juin-2025-a-zurich\/\">Academy TPS le 11 juin 2025 \u00e0 Zurich<\/a><\/h4><div><p>Les pros du tourisme et de nouveaux venus \u00e0 Zurich &#8211; D\u00e9couvrez les photos de la journ\u00e9e \u00e9v\u00e9nement TPS\nApprendre.<\/p><a href=\"https:\/\/tps.travel\/fr\/story\/academy-tps-le-11-juin-2025-a-zurich\/\" class=\"more-link\">D\u00e9tails<\/a><\/div><\/div><\/div><div id=\"post-36701\" class=\"post-36701 story type-story status-publish has-post-thumbnail hentry category-partage-dexperiences\"><a href=\"https:\/\/tps.travel\/fr\/story\/dertour-suisse-kommissionsmodell-2025-1\/\"><figure class=\"img-box\" style=\"background-image: url(https:\/\/tps.travel\/wp-content\/uploads\/2024\/09\/DERTOUR_SUISSE_3C-1.png)\"><\/figure><\/a><div class=\"text-box\"><div class=\"post-meta\">Derni\u00e8re mise \u00e0 jour : 30.09.2024<\/div><h4 class=\"entry-title\"><a href=\"https:\/\/tps.travel\/fr\/story\/dertour-suisse-kommissionsmodell-2025-1\/\">DERTOUR Suisse \/ Mod\u00e8le de commission 2025<\/a><\/h4><div><p>Ch\u00e8res partenaires commerciales et chers partenaires commerciaux, ch\u00e8r(e)s coll\u00e8gues,\nNous sommes tr\u00e8s heureux de vous faire part de nos nouveaut\u00e9s.<\/p><a href=\"https:\/\/tps.travel\/fr\/story\/dertour-suisse-kommissionsmodell-2025-1\/\" class=\"more-link\">D\u00e9tails<\/a><\/div><\/div><\/div><div id=\"post-35766\" class=\"post-35766 story type-story status-publish has-post-thumbnail hentry category-actualites-tps category-partage-dexperiences\"><a href=\"https:\/\/tps.travel\/fr\/story\/tps-betriebshaftpflichversicherung-3\/\"><figure class=\"img-box\" style=\"background-image: url(https:\/\/tps.travel\/wp-content\/uploads\/2024\/09\/image-3.png)\"><\/figure><\/a><div class=\"text-box\"><div class=\"post-meta\">Derni\u00e8re mise \u00e0 jour : 11.09.2024<\/div><h4 class=\"entry-title\"><a href=\"https:\/\/tps.travel\/fr\/story\/tps-betriebshaftpflichversicherung-3\/\">Assurance Responsabilit\u00e9 Civile d&rsquo;entreprise<\/a><\/h4><div><p>Depuis quelque mois une assurance responsabilit\u00e9 civile d&rsquo;entreprise est \u00e0 la disposition de tous les membres de TPS, en.<\/p><a href=\"https:\/\/tps.travel\/fr\/story\/tps-betriebshaftpflichversicherung-3\/\" class=\"more-link\">D\u00e9tails<\/a><\/div><\/div><\/div><div id=\"post-35639\" class=\"post-35639 story type-story status-publish has-post-thumbnail hentry category-actualites-tps category-partage-dexperiences\"><a href=\"https:\/\/tps.travel\/fr\/story\/passolution-neuer-silverpartner-der-tps-1\/\"><figure class=\"img-box\" style=\"background-image: url(https:\/\/tps.travel\/wp-content\/uploads\/2024\/09\/Passolution-Logo.png)\"><\/figure><\/a><div class=\"text-box\"><div class=\"post-meta\">Derni\u00e8re mise \u00e0 jour : 24.09.2024<\/div><h4 class=\"entry-title\"><a href=\"https:\/\/tps.travel\/fr\/story\/passolution-neuer-silverpartner-der-tps-1\/\">Passolution : Nouveau partenaire Silver TPS<\/a><\/h4><div><p>En tant que membre TPS, vous b\u00e9n\u00e9ficiez de conditions sp\u00e9ciales exclusives :\n\nPour les nouveaux clients jusqu&rsquo;au 31.12.2024 : Obtenez.<\/p><a href=\"https:\/\/tps.travel\/fr\/story\/passolution-neuer-silverpartner-der-tps-1\/\" class=\"more-link\">D\u00e9tails<\/a><\/div><\/div><\/div><div id=\"post-35610\" class=\"post-35610 story type-story status-publish has-post-thumbnail hentry category-actualites-tps category-partage-dexperiences\"><a href=\"https:\/\/tps.travel\/fr\/story\/quelques-images-de-notre-assemblee-generale-berne\/\"><figure class=\"img-box\" style=\"background-image: url(https:\/\/tps.travel\/wp-content\/uploads\/2024\/09\/GV_Header-78b8dbf3.webp)\"><\/figure><\/a><div class=\"text-box\"><div class=\"post-meta\">Derni\u00e8re mise \u00e0 jour : 09.09.2024<\/div><h4 class=\"entry-title\"><a href=\"https:\/\/tps.travel\/fr\/story\/quelques-images-de-notre-assemblee-generale-berne\/\">Quelques images de notre Assembl\u00e9e G\u00e9n\u00e9rale &#8211; Berne<\/a><\/h4><div><p>.<\/p><a href=\"https:\/\/tps.travel\/fr\/story\/quelques-images-de-notre-assemblee-generale-berne\/\" class=\"more-link\">D\u00e9tails<\/a><\/div><\/div><\/div><div id=\"post-32867\" class=\"post-32867 story type-story status-publish has-post-thumbnail hentry category-partage-dexperiences\"><a href=\"https:\/\/tps.travel\/fr\/story\/aufschaltung-der-ndc-tarife-bei-der-lh-group-fuer-iata-tour-operator-und-reisebueros\/\"><figure class=\"img-box\" style=\"background-image: url(https:\/\/tps.travel\/wp-content\/uploads\/2024\/07\/Travelport_logo_s-lr-color-resize768x302.jpg)\"><\/figure><\/a><div class=\"text-box\"><div class=\"post-meta\">Derni\u00e8re mise \u00e0 jour : 12.07.2024<\/div><h4 class=\"entry-title\"><a href=\"https:\/\/tps.travel\/fr\/story\/aufschaltung-der-ndc-tarife-bei-der-lh-group-fuer-iata-tour-operator-und-reisebueros\/\">Mise en ligne des tarifs NDC aupr\u00e8s du groupe LH pour les tour-op\u00e9rateurs IATA et les agences de voyage<\/a><\/h4><div><p>Inscription en ligne aux tarifs NDC du LH Group\nEtape 1 &#8211; Cliquer sur Registration\n.<\/p><a href=\"https:\/\/tps.travel\/fr\/story\/aufschaltung-der-ndc-tarife-bei-der-lh-group-fuer-iata-tour-operator-und-reisebueros\/\" class=\"more-link\">D\u00e9tails<\/a><\/div><\/div><\/div><div id=\"post-32827\" class=\"post-32827 story type-story status-publish has-post-thumbnail hentry category-partage-dexperiences\"><a href=\"https:\/\/tps.travel\/fr\/story\/zusammenfassung-lh-group-deal-2024-1\/\"><figure class=\"img-box\" style=\"background-image: url(https:\/\/tps.travel\/wp-content\/uploads\/2024\/07\/Heckflossen-LHG-1.png)\"><\/figure><\/a><div class=\"text-box\"><div class=\"post-meta\">Derni\u00e8re mise \u00e0 jour : 12.07.2024<\/div><h4 class=\"entry-title\"><a href=\"https:\/\/tps.travel\/fr\/story\/zusammenfassung-lh-group-deal-2024-1\/\">Aper\u00e7u LH Group Deal 2024<\/a><\/h4><div><p>Incentive garanti 2024 pour les membres TPS IATA\nBase &#8211; en pourcentage du chiffre d&rsquo;affaires (r\u00e9mun\u00e9ration de base Reste du.<\/p><a href=\"https:\/\/tps.travel\/fr\/story\/zusammenfassung-lh-group-deal-2024-1\/\" class=\"more-link\">D\u00e9tails<\/a><\/div><\/div><\/div><div id=\"post-27178\" class=\"post-27178 story type-story status-publish has-post-thumbnail hentry category-partage-dexperiences\"><a href=\"https:\/\/tps.travel\/fr\/story\/chf-25000-marketing-budget-fuer-die-tps-top-performer-1\/\"><figure class=\"img-box\" style=\"background-image: url(https:\/\/tps.travel\/wp-content\/uploads\/2024\/02\/Hotelplan_Suisse_RGB_650x177.jpg)\"><\/figure><\/a><div class=\"text-box\"><div class=\"post-meta\">Derni\u00e8re mise \u00e0 jour : 01.03.2024<\/div><h4 class=\"entry-title\"><a href=\"https:\/\/tps.travel\/fr\/story\/chf-25000-marketing-budget-fuer-die-tps-top-performer-1\/\">BUDGET MARKETING DE CHF 25&rsquo;000 POUR LES TPS TOP &#8211; PERFORMER<\/a><\/h4><div><p>Aper\u00e7u Hotelplan B2B &#8211; cette liste est al\u00e9atoire et ne constitue pas un classement.\n(\u00e9tat actuel du TOP 20 \/.<\/p><a href=\"https:\/\/tps.travel\/fr\/story\/chf-25000-marketing-budget-fuer-die-tps-top-performer-1\/\" class=\"more-link\">D\u00e9tails<\/a><\/div><\/div><\/div><div id=\"post-25826\" class=\"post-25826 story type-story status-publish has-post-thumbnail hentry category-partage-dexperiences\"><a href=\"https:\/\/tps.travel\/fr\/story\/marokko-wartet-auf-euch-1\/\"><figure class=\"img-box\" style=\"background-image: url(https:\/\/tps.travel\/wp-content\/uploads\/2024\/02\/AdobeStock_266650504-1-scaled.jpeg)\"><\/figure><\/a><div class=\"text-box\"><div class=\"post-meta\">Derni\u00e8re mise \u00e0 jour : 08.02.2024<\/div><h4 class=\"entry-title\"><a href=\"https:\/\/tps.travel\/fr\/story\/marokko-wartet-auf-euch-1\/\">LE MAROC VOUS ATTEND !<\/a><\/h4><div><p>Tout ce que vous devez faire pour cela : R\u00e9servez autant de voyages au Maroc que possible entre le.<\/p><a href=\"https:\/\/tps.travel\/fr\/story\/marokko-wartet-auf-euch-1\/\" class=\"more-link\">D\u00e9tails<\/a><\/div><\/div><\/div><div id=\"post-25387\" class=\"post-25387 story type-story status-publish has-post-thumbnail hentry category-partage-dexperiences\"><a href=\"https:\/\/tps.travel\/fr\/story\/manta-voyages-ocean-indien-maintenant-reservable-jusquen-octobre-2025-egalement-dans-le-travelshop\/\"><figure class=\"img-box\" style=\"background-image: url(https:\/\/tps.travel\/wp-content\/uploads\/2024\/02\/Travelshop_1_2025_DE_p-2.jpg)\"><\/figure><\/a><div class=\"text-box\"><div class=\"post-meta\">Derni\u00e8re mise \u00e0 jour : 08.02.2024<\/div><h4 class=\"entry-title\"><a href=\"https:\/\/tps.travel\/fr\/story\/manta-voyages-ocean-indien-maintenant-reservable-jusquen-octobre-2025-egalement-dans-le-travelshop\/\">Manta Voyages Oc\u00e9an Indien maintenant r\u00e9servable jusqu\u2019en octobre 2025 \u2014 \u00e9galement dans le Travelshop !<\/a><\/h4><div><p>Manta Voyages\nOc\u00e9an Indien maintenant r\u00e9servable jusqu\u2019en octobre 2025 \u2014 \u00e9galement dans le Travelshop !\n\n\n\n\n\n\nAfin de r\u00e9pondre \u00e0 la demande.<\/p><a href=\"https:\/\/tps.travel\/fr\/story\/manta-voyages-ocean-indien-maintenant-reservable-jusquen-octobre-2025-egalement-dans-le-travelshop\/\" class=\"more-link\">D\u00e9tails<\/a><\/div><\/div><\/div><div id=\"post-17394\" class=\"post-17394 story type-story status-publish has-post-thumbnail hentry category-actualites-tps category-partage-dexperiences\"><a href=\"https:\/\/tps.travel\/fr\/story\/tps-betriebshaftpflichversicherung-1\/\"><figure class=\"img-box\" style=\"background-image: url(https:\/\/tps.travel\/wp-content\/uploads\/2023\/09\/BHV-Versircherung-1-scaled.jpg)\"><\/figure><\/a><div class=\"text-box\"><div class=\"post-meta\">Derni\u00e8re mise \u00e0 jour : 09.09.2024<\/div><h4 class=\"entry-title\"><a href=\"https:\/\/tps.travel\/fr\/story\/tps-betriebshaftpflichversicherung-1\/\">ASSURANCE RESPONSABILIT\u00c9 CIVILE D&rsquo;ENTREPRISE<\/a><\/h4><div><p>Depuis sa cr\u00e9ation en 2022, TPS propose une assurance responsabilit\u00e9 civile d&rsquo;entreprise \u00e0 tous ses membres. \u00c0 partir du.<\/p><a href=\"https:\/\/tps.travel\/fr\/story\/tps-betriebshaftpflichversicherung-1\/\" class=\"more-link\">D\u00e9tails<\/a><\/div><\/div><\/div><div id=\"post-17222\" class=\"post-17222 story type-story status-publish has-post-thumbnail hentry category-partage-dexperiences\"><a href=\"https:\/\/tps.travel\/fr\/story\/umbrella-net-est-un-nouveau-partenaire-tps-silver-premium\/\"><figure class=\"img-box\" style=\"background-image: url(https:\/\/tps.travel\/wp-content\/uploads\/2023\/09\/tps_logo_127.jpg)\"><\/figure><\/a><div class=\"text-box\"><div class=\"post-meta\">Derni\u00e8re mise \u00e0 jour : 20.09.2023<\/div><h4 class=\"entry-title\"><a href=\"https:\/\/tps.travel\/fr\/story\/umbrella-net-est-un-nouveau-partenaire-tps-silver-premium\/\">Umbrella.net est un nouveau partenaire TPS Silver Premium<\/a><\/h4><div><p>.<\/p><a href=\"https:\/\/tps.travel\/fr\/story\/umbrella-net-est-un-nouveau-partenaire-tps-silver-premium\/\" class=\"more-link\">D\u00e9tails<\/a><\/div><\/div><\/div><div id=\"post-16427\" class=\"post-16427 story type-story status-publish has-post-thumbnail hentry category-actualites-tps category-partage-dexperiences\"><a href=\"https:\/\/tps.travel\/fr\/story\/das-neue-datenschutzgesetz-1\/\"><figure class=\"img-box\" style=\"background-image: url(https:\/\/tps.travel\/wp-content\/uploads\/2023\/08\/tps_logo_272.png)\"><\/figure><\/a><div class=\"text-box\"><div class=\"post-meta\">Derni\u00e8re mise \u00e0 jour : 06.09.2023<\/div><h4 class=\"entry-title\"><a href=\"https:\/\/tps.travel\/fr\/story\/das-neue-datenschutzgesetz-1\/\">TPS informe sur la nouvelle loi suisse sur la protection des donn\u00e9es<\/a><\/h4><div><p>Les explications qui suivent visent \u00e0 faciliter la bonne compr\u00e9hension des mod\u00e8les de r\u00e9f\u00e9rence ci-joints. Ces mod\u00e8les sont r\u00e9dig\u00e9s.<\/p><a href=\"https:\/\/tps.travel\/fr\/story\/das-neue-datenschutzgesetz-1\/\" class=\"more-link\">D\u00e9tails<\/a><\/div><\/div><\/div><div id=\"post-15533\" class=\"post-15533 story type-story status-publish has-post-thumbnail hentry category-partage-dexperiences category-tps-news\"><a href=\"https:\/\/tps.travel\/fr\/story\/club-med-2-famtrip-en-juin-2023\/\"><figure class=\"img-box\" style=\"background-image: url(https:\/\/tps.travel\/wp-content\/uploads\/2023\/06\/CM_Logo_Noir.png)\"><\/figure><\/a><div class=\"text-box\"><div class=\"post-meta\">Derni\u00e8re mise \u00e0 jour : 29.06.2023<\/div><h4 class=\"entry-title\"><a href=\"https:\/\/tps.travel\/fr\/story\/club-med-2-famtrip-en-juin-2023\/\">Club Med 2 FamTrip en juin 2023<\/a><\/h4><div><p>Ce magnifique week-end \u00e0 bord du Club Med 2 au d\u00e9part\/\u00e0 l&rsquo;arriv\u00e9e de Nice proposait deux escales \u00e0 Portofino.<\/p><a href=\"https:\/\/tps.travel\/fr\/story\/club-med-2-famtrip-en-juin-2023\/\" class=\"more-link\">D\u00e9tails<\/a><\/div><\/div><\/div><div id=\"post-13409\" class=\"post-13409 story type-story status-publish has-post-thumbnail hentry category-partage-dexperiences\"><a href=\"https:\/\/tps.travel\/fr\/story\/nouveaux-ecrans-led-pour-vitrines-2\/\"><figure class=\"img-box\" style=\"background-image: url(https:\/\/tps.travel\/wp-content\/uploads\/2023\/04\/IMG_1632-1-scaled.jpg)\"><\/figure><\/a><div class=\"text-box\"><div class=\"post-meta\">Derni\u00e8re mise \u00e0 jour : 16.05.2023<\/div><h4 class=\"entry-title\"><a href=\"https:\/\/tps.travel\/fr\/story\/nouveaux-ecrans-led-pour-vitrines-2\/\">Nouveaux \u00e9crans LED pour vitrines<\/a><\/h4><div><p>Depuis quelques semaines\u00a0 les vitrines de Let&rsquo;s go Tours, tourasia et Voyageplan sont \u00e9quip\u00e9es d&rsquo;\u00e9crans d\u2019affichage LED plus attrayants.<\/p><a href=\"https:\/\/tps.travel\/fr\/story\/nouveaux-ecrans-led-pour-vitrines-2\/\" class=\"more-link\">D\u00e9tails<\/a><\/div><\/div><\/div><div id=\"post-13776\" class=\"post-13776 story type-story status-publish has-post-thumbnail hentry category-actualites-tps category-partage-dexperiences\"><a href=\"https:\/\/tps.travel\/fr\/story\/50-de-reduction-sur-la-premiere-cotisation-a-la-fsv\/\"><figure class=\"img-box\" style=\"background-image: url(https:\/\/tps.travel\/wp-content\/uploads\/2023\/05\/srv-fsv_logo-1.jpg)\"><\/figure><\/a><div class=\"text-box\"><div class=\"post-meta\">Derni\u00e8re mise \u00e0 jour : 20.06.2024<\/div><h4 class=\"entry-title\"><a href=\"https:\/\/tps.travel\/fr\/story\/50-de-reduction-sur-la-premiere-cotisation-a-la-fsv\/\">50% de r\u00e9duction sur la premi\u00e8re cotisation \u00e0 la FSV<\/a><\/h4><div><p>Adh\u00e9rez d\u00e8s maintenant \u00e0 la F\u00e9d\u00e9ration Suisse du Voyage et profitez d&rsquo;une offre d&rsquo;entr\u00e9e sp\u00e9ciale. Les membres TPS qui.<\/p><a href=\"https:\/\/tps.travel\/fr\/story\/50-de-reduction-sur-la-premiere-cotisation-a-la-fsv\/\" class=\"more-link\">D\u00e9tails<\/a><\/div><\/div><\/div><div id=\"post-9276\" class=\"post-9276 story type-story status-publish has-post-thumbnail hentry category-actualites-tps category-partage-dexperiences\"><a href=\"https:\/\/tps.travel\/fr\/story\/gros-plan-avec-koni\/\"><figure class=\"img-box\" style=\"background-image: url(https:\/\/tps.travel\/wp-content\/uploads\/2022\/12\/image-6.png)\"><\/figure><\/a><div class=\"text-box\"><div class=\"post-meta\">Derni\u00e8re mise \u00e0 jour : 01.12.2022<\/div><h4 class=\"entry-title\"><a href=\"https:\/\/tps.travel\/fr\/story\/gros-plan-avec-koni\/\">Gros plan avec Koni<\/a><\/h4><div><p>Qu&rsquo;il s&rsquo;agisse du lynx du Jura, de l&rsquo;\u00e9l\u00e9phant de l&rsquo;Okavango ou du phacoch\u00e8re du Ngorongoro, Koni K\u00f6lbl, administrateur de.<\/p><a href=\"https:\/\/tps.travel\/fr\/story\/gros-plan-avec-koni\/\" class=\"more-link\">D\u00e9tails<\/a><\/div><\/div><\/div><\/div><\/div>[\/vc_column][\/vc_row][vc_row][vc_column]<div class=\"text-center wpb_content_element\"><a href=\"https:\/\/tps.travel\/fr\/contact\/\" target=\"_self\" class=\"custom-btn alt\">Soumettre une contribution ou un input<\/a><\/div>[\/vc_column][\/vc_row][\/vc_section]<\/p>\n<\/div>","protected":false},"excerpt":{"rendered":"<p>[vc_section css=\u00a0\u00bb.vc_custom_1659351852085{padding-bottom: 0px !important;}\u00a0\u00bb][vc_row full_width=\u00a0\u00bbstretch_row_content_no_spaces\u00a0\u00bb][vc_column][\/vc_column][\/vc_row][\/vc_section][vc_section el_class=\u00a0\u00bbbg-9&Prime; css=\u00a0\u00bb.vc_custom_1659351760968{padding-top: 30px !important;}\u00a0\u00bb][vc_row][vc_column][vc_column_text]Savoir c&rsquo;est pouvoir ! Etre bien inform\u00e9 repr\u00e9sente un avantage concurrentiel. Ici, nous publions r\u00e9guli\u00e8rement des articles int\u00e9ressants sur et pour l&rsquo;industrie du voyage. Il peut s&rsquo;agir de contributions d&rsquo;invit\u00e9s, d&rsquo;articles d\u00e9j\u00e0 parus dans les m\u00e9dias ou de nouvelles tr\u00e8s g\u00e9n\u00e9rales importantes et pertinentes concernant le monde [&hellip;]<\/p>\n","protected":false},"author":167,"featured_media":0,"parent":0,"menu_order":0,"comment_status":"closed","ping_status":"closed","template":"","meta":{"_acf_changed":false,"footnotes":""},"class_list":["post-3508","page","type-page","status-publish","hentry"],"acf":[],"yoast_head":"<!-- This site is optimized with the Yoast SEO plugin v27.1.1 - https:\/\/yoast.com\/product\/yoast-seo-wordpress\/ -->\n<title>Partage d\u2019exp\u00e9riences \u2013 Good to know &#8211; TPS<\/title>\n<meta name=\"robots\" content=\"index, follow, max-snippet:-1, max-image-preview:large, max-video-preview:-1\" \/>\n<link rel=\"canonical\" href=\"https:\/\/tps.travel\/fr\/partage-dexperiences\/\" \/>\n<meta property=\"og:locale\" content=\"fr_FR\" \/>\n<meta property=\"og:type\" content=\"article\" \/>\n<meta property=\"og:title\" content=\"Partage d\u2019exp\u00e9riences \u2013 Good to know &#8211; TPS\" \/>\n<meta property=\"og:description\" content=\"[vc_section css=\u00a0\u00bb.vc_custom_1659351852085{padding-bottom: 0px !important;}\u00a0\u00bb][vc_row full_width=\u00a0\u00bbstretch_row_content_no_spaces\u00a0\u00bb][vc_column][\/vc_column][\/vc_row][\/vc_section][vc_section el_class=\u00a0\u00bbbg-9&Prime; css=\u00a0\u00bb.vc_custom_1659351760968{padding-top: 30px !important;}\u00a0\u00bb][vc_row][vc_column][vc_column_text]Savoir c&rsquo;est pouvoir ! Etre bien inform\u00e9 repr\u00e9sente un avantage concurrentiel. Ici, nous publions r\u00e9guli\u00e8rement des articles int\u00e9ressants sur et pour l&rsquo;industrie du voyage. Il peut s&rsquo;agir de contributions d&rsquo;invit\u00e9s, d&rsquo;articles d\u00e9j\u00e0 parus dans les m\u00e9dias ou de nouvelles tr\u00e8s g\u00e9n\u00e9rales importantes et pertinentes concernant le monde [&hellip;]\" \/>\n<meta property=\"og:url\" content=\"https:\/\/tps.travel\/fr\/partage-dexperiences\/\" \/>\n<meta property=\"og:site_name\" content=\"TPS\" \/>\n<meta property=\"article:modified_time\" content=\"2023-06-13T13:40:49+00:00\" \/>\n<meta property=\"og:image\" content=\"https:\/\/tps.travel\/wp-content\/uploads\/2022\/06\/logo-blau.jpg\" \/>\n\t<meta property=\"og:image:width\" content=\"580\" \/>\n\t<meta property=\"og:image:height\" content=\"380\" \/>\n\t<meta property=\"og:image:type\" content=\"image\/jpeg\" \/>\n<meta name=\"twitter:card\" content=\"summary_large_image\" \/>\n<meta name=\"twitter:label1\" content=\"Dur\u00e9e de lecture estim\u00e9e\" \/>\n\t<meta name=\"twitter:data1\" content=\"1 minute\" \/>\n<script type=\"application\/ld+json\" class=\"yoast-schema-graph\">{\"@context\":\"https:\/\/schema.org\",\"@graph\":[{\"@type\":\"WebPage\",\"@id\":\"https:\/\/tps.travel\/fr\/partage-dexperiences\/\",\"url\":\"https:\/\/tps.travel\/fr\/partage-dexperiences\/\",\"name\":\"Partage d\u2019exp\u00e9riences \u2013 Good to know &#8211; TPS\",\"isPartOf\":{\"@id\":\"https:\/\/tps.travel\/fr\/#website\"},\"datePublished\":\"2022-07-27T19:32:58+00:00\",\"dateModified\":\"2023-06-13T13:40:49+00:00\",\"breadcrumb\":{\"@id\":\"https:\/\/tps.travel\/fr\/partage-dexperiences\/#breadcrumb\"},\"inLanguage\":\"fr-FR\",\"potentialAction\":[{\"@type\":\"ReadAction\",\"target\":[\"https:\/\/tps.travel\/fr\/partage-dexperiences\/\"]}]},{\"@type\":\"BreadcrumbList\",\"@id\":\"https:\/\/tps.travel\/fr\/partage-dexperiences\/#breadcrumb\",\"itemListElement\":[{\"@type\":\"ListItem\",\"position\":1,\"name\":\"Home\",\"item\":\"https:\/\/tps.travel\/fr\/\"},{\"@type\":\"ListItem\",\"position\":2,\"name\":\"Partage d\u2019exp\u00e9riences \u2013 Good to know\"}]},{\"@type\":\"WebSite\",\"@id\":\"https:\/\/tps.travel\/fr\/#website\",\"url\":\"https:\/\/tps.travel\/fr\/\",\"name\":\"TPS\",\"description\":\"TRAVEL PROFESSIONALS SWITZERLAND\",\"publisher\":{\"@id\":\"https:\/\/tps.travel\/fr\/#organization\"},\"potentialAction\":[{\"@type\":\"SearchAction\",\"target\":{\"@type\":\"EntryPoint\",\"urlTemplate\":\"https:\/\/tps.travel\/fr\/?s={search_term_string}\"},\"query-input\":{\"@type\":\"PropertyValueSpecification\",\"valueRequired\":true,\"valueName\":\"search_term_string\"}}],\"inLanguage\":\"fr-FR\"},{\"@type\":\"Organization\",\"@id\":\"https:\/\/tps.travel\/fr\/#organization\",\"name\":\"TRAVEL PROFESSIONALS SWITZERLAND\",\"url\":\"https:\/\/tps.travel\/fr\/\",\"logo\":{\"@type\":\"ImageObject\",\"inLanguage\":\"fr-FR\",\"@id\":\"https:\/\/tps.travel\/fr\/#\/schema\/logo\/image\/\",\"url\":\"https:\/\/tps.travel\/wp-content\/uploads\/2022\/06\/logo-blau.jpg\",\"contentUrl\":\"https:\/\/tps.travel\/wp-content\/uploads\/2022\/06\/logo-blau.jpg\",\"width\":580,\"height\":380,\"caption\":\"TRAVEL PROFESSIONALS SWITZERLAND\"},\"image\":{\"@id\":\"https:\/\/tps.travel\/fr\/#\/schema\/logo\/image\/\"}}]}<\/script>\n<!-- \/ Yoast SEO plugin. -->","yoast_head_json":{"title":"Partage d\u2019exp\u00e9riences \u2013 Good to know &#8211; TPS","robots":{"index":"index","follow":"follow","max-snippet":"max-snippet:-1","max-image-preview":"max-image-preview:large","max-video-preview":"max-video-preview:-1"},"canonical":"https:\/\/tps.travel\/fr\/partage-dexperiences\/","og_locale":"fr_FR","og_type":"article","og_title":"Partage d\u2019exp\u00e9riences \u2013 Good to know &#8211; TPS","og_description":"[vc_section css=\u00a0\u00bb.vc_custom_1659351852085{padding-bottom: 0px !important;}\u00a0\u00bb][vc_row full_width=\u00a0\u00bbstretch_row_content_no_spaces\u00a0\u00bb][vc_column][\/vc_column][\/vc_row][\/vc_section][vc_section el_class=\u00a0\u00bbbg-9&Prime; css=\u00a0\u00bb.vc_custom_1659351760968{padding-top: 30px !important;}\u00a0\u00bb][vc_row][vc_column][vc_column_text]Savoir c&rsquo;est pouvoir ! Etre bien inform\u00e9 repr\u00e9sente un avantage concurrentiel. Ici, nous publions r\u00e9guli\u00e8rement des articles int\u00e9ressants sur et pour l&rsquo;industrie du voyage. Il peut s&rsquo;agir de contributions d&rsquo;invit\u00e9s, d&rsquo;articles d\u00e9j\u00e0 parus dans les m\u00e9dias ou de nouvelles tr\u00e8s g\u00e9n\u00e9rales importantes et pertinentes concernant le monde [&hellip;]","og_url":"https:\/\/tps.travel\/fr\/partage-dexperiences\/","og_site_name":"TPS","article_modified_time":"2023-06-13T13:40:49+00:00","og_image":[{"width":580,"height":380,"url":"https:\/\/tps.travel\/wp-content\/uploads\/2022\/06\/logo-blau.jpg","type":"image\/jpeg"}],"twitter_card":"summary_large_image","twitter_misc":{"Dur\u00e9e de lecture estim\u00e9e":"1 minute"},"schema":{"@context":"https:\/\/schema.org","@graph":[{"@type":"WebPage","@id":"https:\/\/tps.travel\/fr\/partage-dexperiences\/","url":"https:\/\/tps.travel\/fr\/partage-dexperiences\/","name":"Partage d\u2019exp\u00e9riences \u2013 Good to know &#8211; TPS","isPartOf":{"@id":"https:\/\/tps.travel\/fr\/#website"},"datePublished":"2022-07-27T19:32:58+00:00","dateModified":"2023-06-13T13:40:49+00:00","breadcrumb":{"@id":"https:\/\/tps.travel\/fr\/partage-dexperiences\/#breadcrumb"},"inLanguage":"fr-FR","potentialAction":[{"@type":"ReadAction","target":["https:\/\/tps.travel\/fr\/partage-dexperiences\/"]}]},{"@type":"BreadcrumbList","@id":"https:\/\/tps.travel\/fr\/partage-dexperiences\/#breadcrumb","itemListElement":[{"@type":"ListItem","position":1,"name":"Home","item":"https:\/\/tps.travel\/fr\/"},{"@type":"ListItem","position":2,"name":"Partage d\u2019exp\u00e9riences \u2013 Good to know"}]},{"@type":"WebSite","@id":"https:\/\/tps.travel\/fr\/#website","url":"https:\/\/tps.travel\/fr\/","name":"TPS","description":"TRAVEL PROFESSIONALS SWITZERLAND","publisher":{"@id":"https:\/\/tps.travel\/fr\/#organization"},"potentialAction":[{"@type":"SearchAction","target":{"@type":"EntryPoint","urlTemplate":"https:\/\/tps.travel\/fr\/?s={search_term_string}"},"query-input":{"@type":"PropertyValueSpecification","valueRequired":true,"valueName":"search_term_string"}}],"inLanguage":"fr-FR"},{"@type":"Organization","@id":"https:\/\/tps.travel\/fr\/#organization","name":"TRAVEL PROFESSIONALS SWITZERLAND","url":"https:\/\/tps.travel\/fr\/","logo":{"@type":"ImageObject","inLanguage":"fr-FR","@id":"https:\/\/tps.travel\/fr\/#\/schema\/logo\/image\/","url":"https:\/\/tps.travel\/wp-content\/uploads\/2022\/06\/logo-blau.jpg","contentUrl":"https:\/\/tps.travel\/wp-content\/uploads\/2022\/06\/logo-blau.jpg","width":580,"height":380,"caption":"TRAVEL PROFESSIONALS SWITZERLAND"},"image":{"@id":"https:\/\/tps.travel\/fr\/#\/schema\/logo\/image\/"}}]}},"_links":{"self":[{"href":"https:\/\/tps.travel\/fr\/wp-json\/wp\/v2\/pages\/3508","targetHints":{"allow":["GET"]}}],"collection":[{"href":"https:\/\/tps.travel\/fr\/wp-json\/wp\/v2\/pages"}],"about":[{"href":"https:\/\/tps.travel\/fr\/wp-json\/wp\/v2\/types\/page"}],"author":[{"embeddable":true,"href":"https:\/\/tps.travel\/fr\/wp-json\/wp\/v2\/users\/167"}],"replies":[{"embeddable":true,"href":"https:\/\/tps.travel\/fr\/wp-json\/wp\/v2\/comments?post=3508"}],"version-history":[{"count":17,"href":"https:\/\/tps.travel\/fr\/wp-json\/wp\/v2\/pages\/3508\/revisions"}],"predecessor-version":[{"id":15025,"href":"https:\/\/tps.travel\/fr\/wp-json\/wp\/v2\/pages\/3508\/revisions\/15025"}],"wp:attachment":[{"href":"https:\/\/tps.travel\/fr\/wp-json\/wp\/v2\/media?parent=3508"}],"curies":[{"name":"wp","href":"https:\/\/api.w.org\/{rel}","templated":true}]}}